{"id":99,"date":"2023-01-24T00:17:28","date_gmt":"2023-01-23T23:17:28","guid":{"rendered":"https:\/\/consparigi.esteri.it\/chi-siamo\/il-console-generale\/"},"modified":"2025-02-05T12:56:16","modified_gmt":"2025-02-05T11:56:16","slug":"il-console-generale","status":"publish","type":"page","link":"https:\/\/consparigi.esteri.it\/fr\/chi-siamo\/il-console-generale\/","title":{"rendered":"Le Consul G\u00e9n\u00e9ral"},"content":{"rendered":"<p><strong><i>Conseiller d&rsquo;Ambassade Jacopo ALBERGONI<\/i><\/strong><\/p>\n<p><img loading=\"lazy\" decoding=\"async\" class=\"alignnone size-full wp-image-4495 img-fluid\" src=\"https:\/\/consparigi.esteri.it\/wp-content\/uploads\/2024\/09\/ConsoleAlbergoni.jpg\" alt=\"\" width=\"1600\" height=\"1200\" srcset=\"https:\/\/consparigi.esteri.it\/wp-content\/uploads\/2024\/09\/ConsoleAlbergoni.jpg 1600w, https:\/\/consparigi.esteri.it\/wp-content\/uploads\/2024\/09\/ConsoleAlbergoni-300x225.jpg 300w, https:\/\/consparigi.esteri.it\/wp-content\/uploads\/2024\/09\/ConsoleAlbergoni-1024x768.jpg 1024w, https:\/\/consparigi.esteri.it\/wp-content\/uploads\/2024\/09\/ConsoleAlbergoni-768x576.jpg 768w\" sizes=\"auto, (max-width: 1600px) 100vw, 1600px\" \/><\/p>\n<p>Dipl\u00f4m\u00e9 en Sciences Politiques \u00e0 l&rsquo;Universit\u00e9 La Sapienza de Rome, il entreprend la carri\u00e8re diplomatique en 2004.<\/p>\n<p>Au d\u00e9but de sa carri\u00e8re au Minist\u00e8re des Affaires \u00c9trang\u00e8res et de la Coop\u00e9ration Internationale, il travaille aupr\u00e8s de la Direction G\u00e9n\u00e9rale des Pays d&rsquo;Afrique Subsaharienne.<\/p>\n<p>En 2007, il prend ses fonctions \u00e0 l&rsquo;Ambassade d&rsquo;Italie en Albanie, o\u00f9 il est charg\u00e9 de la politique interne, des relations avec la presse, ainsi que de l&rsquo;organisation et de la gestion des principaux \u00e9v\u00e9nements promotionnels organis\u00e9s par l&rsquo;Ambassade.<\/p>\n<p>Depuis 2010, aupr\u00e8s de l&rsquo;Ambassade d&rsquo;Italie \u00e0 Paris, il est Premier Secr\u00e9taire Commercial, puis Chef de Cabinet de l&rsquo;Ambassadeur d&rsquo;Italie.<\/p>\n<p>De retour \u00e0 Rome en 2014, pendant la Pr\u00e9sidence italienne du Conseil de l&rsquo;UE il travaille aupr\u00e8s de la Direction G\u00e9n\u00e9rale de l&rsquo;Union Europ\u00e9enne, o\u00f9 il s\u2019occupe des relations bilat\u00e9rales avec les Pays des Balkans Occidentaux et du lancement de la Strat\u00e9gie Europ\u00e9enne pour la R\u00e9gion Adriatique et Ionienne.<\/p>\n<p>De 2015 \u00e0 2016, il travaille au Cabinet du Vice-Ministre des Affaires \u00c9trang\u00e8res et de la Coop\u00e9ration Internationale.<\/p>\n<p>De 2016 \u00e0 2023, il occupe ses fonctions au Protocole Diplomatique de la R\u00e9publique Italienne, en tant que chef du bureau des visites. Dans ce cadre, il est responsable de l&rsquo;organisation et de la gestion des Visites d\u2019\u00c9tat, Officielles et de Travail \u00e0 l&rsquo;\u00e9tranger du Pr\u00e9sident de la R\u00e9publique Italienne et il g\u00e8re \u00e9galement les visites institutionnelles en Italie des personnalit\u00e9s \u00e9trang\u00e8res.<\/p>\n<p>\u00c0 partir de 2022, il est nomm\u00e9 Conseiller d&rsquo;Ambassade.<\/p>\n<p>De 2023 \u00e0 2024, il exerce les fonctions de Chef du Cabinet du Secr\u00e9taire d&rsquo;\u00c9tat aux Affaires \u00c9trang\u00e8res et \u00e0 la Coop\u00e9ration Internationale, charg\u00e9 \u00e9galement des questions relatives aux italiens dans le monde.<\/p>\n<p>En janvier 2024 il est nomm\u00e9 Consul G\u00e9n\u00e9ral d\u2019Italie \u00e0 Paris. Il prend ses fonctions le 16 septembre 2024.<\/p>\n<p>Chevalier de l&rsquo;Ordre du M\u00e9rite de la R\u00e9publique Italienne.<br \/>\nChevalier de l&rsquo;Ordre National de la L\u00e9gion d&rsquo;Honneur de la R\u00e9publique Fran\u00e7aise.<\/p>\n<p>&nbsp;<\/p>\n<p>&nbsp;<\/p>\n<p><strong>Consuls G\u00e9n\u00e9raux \u00e0 Paris \u00e0 partir de la seconde guerre mondiale<span lang=\"IT\"><br \/>\n<\/span><\/strong><br \/>\n<span lang=\"IT\">Manlio CASTRONUOVO<br \/>\nConsole Generale\u00a0\u00a0\u00a0 15 juin 1950 \u2013 31 janvier 1954<\/span><\/p>\n<p><span lang=\"IT\">Giacomo SILIMBANI<br \/>\nConsole Generale \u00a0\u00a0\u00a0 2 f\u00e9vrier 1954 \u2013 19 octobre 1955<\/span><\/p>\n<p><span lang=\"IT\">Ettore BAISTROCCHI<br \/>\nConsole Generale\u00a0\u00a0\u00a0 21 janvier 1956 \u2013 2 octobre 1961<\/span><\/p>\n<p><span lang=\"IT\">Nicol\u00f2 DI BERNARDO<br \/>\nConsole Generale\u00a0\u00a0\u00a0 10 octobre 1961 \u2013 5 mars 1964<\/span><\/p>\n<p><span lang=\"IT\">Renato FERRARA<br \/>\nConsole Generale\u00a0\u00a0\u00a0 6 mars 1964 \u2013 13 f\u00e9vrier 1970<\/span><\/p>\n<p><span lang=\"IT\">Mario PROFILI<br \/>\nConsole Generale\u00a0\u00a0\u00a0 14 f\u00e9vrier 1970 \u2013 6 ao\u00fbt 1971<\/span><\/p>\n<p><span lang=\"IT\">Marcello MININNI<br \/>\nConsole Generale\u00a0\u00a0\u00a0 3 janvier 1972 \u2013 28 mai 1974<\/span><\/p>\n<p><span lang=\"IT\">Cesare GNOLI<br \/>\nConsole Generale\u00a0\u00a0\u00a0 31 octobre 1974 \u2013 7 septembre 1977<\/span><\/p>\n<p><span lang=\"IT\">Fausto MARINUCCI DE REGUARDATI<br \/>\nConsole Generale\u00a0\u00a0\u00a0 1\u00b0 d\u00e9cembre 1977 \u2013 30 juin 1981<\/span><\/p>\n<p><span lang=\"IT\">Pietro RINALDI<br \/>\nConsole Generale\u00a0\u00a0\u00a0 1\u00b0 juillet 1981 \u2013 26 juin 1988<\/span><\/p>\n<p><span lang=\"IT\">Francesco CARUSO<br \/>\nCons. Gen. Regg. \u00a0\u00a0 26 juin 1988 \u2013 30 octobre 1989<\/span><\/p>\n<p><span lang=\"IT\">Michele COSENTINO<br \/>\nConsole Generale\u00a0\u00a0\u00a0 28 d\u00e9cembre 1989 \u2013 9 ao\u00fbt 1992<\/span><\/p>\n<p><span lang=\"IT\">Giovanni CARACCIOLO DI VIETRI<br \/>\nConsole Generale\u00a0\u00a0\u00a0 10 ao\u00fbt 1992 \u2013 26 ao\u00fbt 1996<\/span><\/p>\n<p><span lang=\"IT\">Francesco CARUSO<br \/>\nConsole Generale\u00a0\u00a0\u00a0 4 octobre 1996 \u2013 28 f\u00e9vrier 2000<\/span><\/p>\n<p><span lang=\"IT\">Paolo GAROFALO<br \/>\nConsole Generale\u00a0\u00a0\u00a0 26 juin 2000 \u2013 30 juin 2004<\/span><\/p>\n<p><span lang=\"IT\">Alessandro LEVI SANDRI<br \/>\nConsole Generale\u00a0\u00a0\u00a0 2 ao\u00fbt 2004 \u2013 29 septembre 2008<\/span><\/p>\n<p><span lang=\"IT\">Luca MAESTRIPIERI<br \/>\nConsole Generale\u00a0\u00a0\u00a0 15 octobre 2008 \u2013 19 septembre 2012<\/span><\/p>\n<p>Andrea CAVALLARI<br \/>\nConsole Generale\u00a0\u00a0 20 septembre 2012 &#8211; 20 d\u00e9cembre 2016<\/p>\n<p>Emilia GATTO<br \/>\nConsole Generale\u00a0 21 d\u00e9cembre 2016 &#8211; 27 ao\u00fbt 2020<\/p>\n<p>Irene CASTAGNOLI<br \/>\nConsole Generale\u00a0\u00a0 31 ao\u00fbt 2020 &#8211; 15 semptembre 2024<\/p>\n<p>Jacopo ALBERGONI\u00a0 16 septembre 2024<\/p>\n","protected":false},"excerpt":{"rendered":"Conseiller d&rsquo;Ambassade Jacopo ALBERGONI Dipl\u00f4m\u00e9 en Sciences Politiques \u00e0 l&rsquo;Universit\u00e9 La Sapienza de Rome, il entreprend la carri\u00e8re diplomatique en 2004. Au d\u00e9but de sa carri\u00e8re au Minist\u00e8re des Affaires \u00c9trang\u00e8res et de la Coop\u00e9ration Internationale, il travaille aupr\u00e8s de la Direction G\u00e9n\u00e9rale des Pays d&rsquo;Afrique Subsaharienne. En 2007, il prend ses fonctions \u00e0 l&rsquo;Ambassade [&hellip;]","protected":false},"author":3,"featured_media":0,"parent":35,"menu_order":0,"comment_status":"closed","ping_status":"closed","template":"","meta":{"footnotes":""},"class_list":["post-99","page","type-page","status-publish","hentry"],"_links":{"self":[{"href":"https:\/\/consparigi.esteri.it\/fr\/wp-json\/wp\/v2\/pages\/99","targetHints":{"allow":["GET"]}}],"collection":[{"href":"https:\/\/consparigi.esteri.it\/fr\/wp-json\/wp\/v2\/pages"}],"about":[{"href":"https:\/\/consparigi.esteri.it\/fr\/wp-json\/wp\/v2\/types\/page"}],"author":[{"embeddable":true,"href":"https:\/\/consparigi.esteri.it\/fr\/wp-json\/wp\/v2\/users\/3"}],"replies":[{"embeddable":true,"href":"https:\/\/consparigi.esteri.it\/fr\/wp-json\/wp\/v2\/comments?post=99"}],"version-history":[{"count":5,"href":"https:\/\/consparigi.esteri.it\/fr\/wp-json\/wp\/v2\/pages\/99\/revisions"}],"predecessor-version":[{"id":5043,"href":"https:\/\/consparigi.esteri.it\/fr\/wp-json\/wp\/v2\/pages\/99\/revisions\/5043"}],"up":[{"embeddable":true,"href":"https:\/\/consparigi.esteri.it\/fr\/wp-json\/wp\/v2\/pages\/35"}],"wp:attachment":[{"href":"https:\/\/consparigi.esteri.it\/fr\/wp-json\/wp\/v2\/media?parent=99"}],"curies":[{"name":"wp","href":"https:\/\/api.w.org\/{rel}","templated":true}]}}